{"id":3,"date":"2025-11-25T17:03:13","date_gmt":"2025-11-25T17:03:13","guid":{"rendered":"https:\/\/karleton.com.mx\/a\/?page_id=3"},"modified":"2025-11-27T19:52:44","modified_gmt":"2025-11-28T01:52:44","slug":"aviso-de-privacidad","status":"publish","type":"page","link":"https:\/\/karleton.com.mx\/a\/aviso-de-privacidad\/","title":{"rendered":"Aviso de Privacidad"},"content":{"rendered":"<p>[et_pb_section fb_built=&#8221;1&#8243; _builder_version=&#8221;4.16&#8243; _module_preset=&#8221;default&#8221; global_colors_info=&#8221;{}&#8221; theme_builder_area=&#8221;post_content&#8221;][et_pb_row _builder_version=&#8221;4.16&#8243; _module_preset=&#8221;default&#8221; global_colors_info=&#8221;{}&#8221; theme_builder_area=&#8221;post_content&#8221;][et_pb_column type=&#8221;4_4&#8243; _builder_version=&#8221;4.16&#8243; _module_preset=&#8221;default&#8221; global_colors_info=&#8221;{}&#8221; theme_builder_area=&#8221;post_content&#8221;][et_pb_text _builder_version=&#8221;4.27.4&#8243; _module_preset=&#8221;default&#8221; text_text_color=&#8221;gcid-secondary-color&#8221; header_font=&#8221;|700|||||||&#8221; header_text_align=&#8221;center&#8221; header_text_color=&#8221;#e9202f&#8221; header_line_height=&#8221;1.3em&#8221; text_orientation=&#8221;justified&#8221; hover_enabled=&#8221;0&#8243; global_colors_info=&#8221;{%22gcid-secondary-color%22:%91%22text_text_color%22%93,%22gcid-primary-color%22:%91%22link_text_color%22%93,%22gcid-body-color%22:%91%22link_text_color__hover%22%93}&#8221; theme_builder_area=&#8221;post_content&#8221; header_font_size=&#8221;35px&#8221; sticky_enabled=&#8221;0&#8243; header_font_size_tablet=&#8221;30px&#8221; header_font_size_phone=&#8221;25px&#8221; link_font=&#8221;|700|||||||&#8221; link_text_color__hover_enabled=&#8221;on|desktop&#8221; link_text_color=&#8221;gcid-primary-color&#8221; link_text_color__hover=&#8221;gcid-body-color&#8221;]<\/p>\n<h1>AVISO DE PRIVACIDAD PARA LOS CLIENTES DE KARLETON\/PELLA, S.A DE C.V.<\/h1>\n<p>&nbsp;<\/p>\n<p>De conformidad y acorde a lo regulado por la Ley Federal de Protecci\u00f3n de Datos Personales en Posesi\u00f3n de Particulares, KARLETON\/PELLA, S.A. DE C.V., pone a su disposici\u00f3n y consideraci\u00f3n, el siguiente aviso de privacidad:<\/p>\n<p>KARLETON\/PELLA, S.A. DE C.V. (en adelante, la \u201csociedad\u201d), tiene su domicilio en Calzada de Tlalpan, n\u00famero quinientos cincuenta y nueve (559), Colonia Alamos, Alcald\u00eda Benito Ju\u00e1rez, C.P. 03400, Ciudad de M\u00e9xico, y es responsable del uso y protecci\u00f3n de los datos personales que usted proporcione a la Sociedad por cualquier medio, los cuales ser\u00e1n utilizadas para fines administrativos, documentales, contables, fiscales y corporativos,\u00a0 as\u00ed como para integrarlos a nuestros registros internos para el resguardo de informaci\u00f3n seg\u00fan las obligaciones legales de la sociedad respecto a la prestaci\u00f3n de los servicios proporcionados, as\u00ed como para prop\u00f3sitos administrativos y de facturaci\u00f3n, en los t\u00e9rminos de la Ley Federal de Protecci\u00f3n de Datos Personales en Posesi\u00f3n de Particulares (en adelante, la \u201cLey de Datos Personales\u201d).<\/p>\n<p>Por lo anterior, se les informa a los titulares que el tratamiento de la informaci\u00f3n proporcionada a la sociedad, seg\u00fan el fin y utilidad de los datos recabados, se har\u00e1 con estricta confidencialidad y atendiendo a los principios de licitud, consentimiento, informaci\u00f3n, calidad, finalidad, lealtad, proporcionalidad y responsabilidad.<\/p>\n<p>En t\u00e9rminos del art\u00edculo 68 del Reglamento de la Ley de Datos Personales y el art\u00edculo 36 de dicha ley, usted consiente y autoriza expresamente cualquier transferencia de sus datos personales que la sociedad realice a sus empresas relacionadas, subsidiarias, proveedores o clientes. Adem\u00e1s, la sociedad garantiza que las transferencias realizadas cumplir\u00e1n en todo momento con lo dispuesto por los art\u00edculos 36 de la Ley de Datos Personales y 68 del Reglamento de dicha ley.<\/p>\n<p><strong>Datos personales que se le piden al cliente.<\/strong><\/p>\n<p>(a) Para cumplir con las finalidades se\u00f1aladas en el presente aviso, la sociedad obtendr\u00e1 de usted datos de identificaci\u00f3n y contacto (nombre, domicilio, correo electr\u00f3nico, tel\u00e9fonos, ocupaci\u00f3n), fiscales, contables, patrimoniales, imagen, as\u00ed como cualquier otra informaci\u00f3n que nos proporcione en relaci\u00f3n con los fines antes indicados.<\/p>\n<p>(b) Datos de terceros \u2013 Entenderemos que, al otorgarnos cualquier tipo de datos o informaci\u00f3n, incluyendo aquella de car\u00e1cter sensible y\/o confidencial, usted ha obtenido previamente el consentimiento de cualesquier terceros y les ha informado sobre nuestro aviso de privacidad, el cual se encuentra en nuestro sitio web karleton.com.mx<\/p>\n<p><strong>Datos personales sensibles.<\/strong><\/p>\n<p>Solo para casos necesarios que tengan relaci\u00f3n con los servicios prestados por la sociedad, se podr\u00e1n solicitar datos personales sensibles, mismos que de com\u00fan acuerdo ser\u00e1n proporcionados a la sociedad acorde a la prestaci\u00f3n de los servicios contratados.<\/p>\n<p>Finalidades primarias del tratamiento de datos personales en relaci\u00f3n con los servicios otorgados por la sociedad.<\/p>\n<p>La sociedad utilizar\u00e1 sus datos personales para cumplir con la prestaci\u00f3n de los servicios contratados, espec\u00edficamente para:<\/p>\n<p>(i) identificarlo;<br \/>(ii) nombrar a los propietarios de los bienes objeto de las mejoras, reparaciones, acabados u otros implementados.<br \/>(iii) nombrar a las personas que intervengan en la prestaci\u00f3n de los servicios otorgados en su car\u00e1cter de terceros.<br \/>(iv) dar avisos al cliente respecto de ofertas, cambios de pol\u00edticas, precios u otros relacionados con la prestaci\u00f3n de los servicios contratados.<br \/>(v) para enviar documentos a la casa del cliente, en caso necesario;<br \/>(vi) mantenerlo informado respecto del estado que guardan los bienes objeto de los trabajos contratados.<br \/>(vii) entre otros.<\/p>\n<p><strong>Transferencia de datos personales.<\/strong><\/p>\n<p>Para cumplir las finalidades descritas en el presente Aviso de Privacidad, la sociedad podr\u00e1 transferir sus datos personales a terceros que se encuentren relacionados con el\/los trabajo(s) encomendado(s). De igual manera, usted autoriza a la sociedad para que transfiera sus datos personales en los casos previstos y autorizados por la Ley de Datos de Personales.<\/p>\n<p><strong>Medidas de seguridad.<\/strong><\/p>\n<p>La sociedad mantiene medidas de seguridad administrativas, t\u00e9cnicas y f\u00edsicas en materia de seguridad de la informaci\u00f3n y cumplimiento normativo necesarias para proteger sus datos personales contra cualquier da\u00f1o, p\u00e9rdida, alteraci\u00f3n, destrucci\u00f3n, uso o tratamiento no autorizado.<\/p>\n<p><strong>Comit\u00e9 de Privacidad de la sociedad.<\/strong><\/p>\n<p>El Comit\u00e9 de Privacidad de la sociedad ha sido formalmente designado y ser\u00e1 el responsable de salvaguardar y velar por la protecci\u00f3n de sus datos personales que la sociedad tiene en su posesi\u00f3n, as\u00ed como para atender las solicitudes de los titulares para el ejercicio de sus derechos.<\/p>\n<p>Para todo lo relacionado con el tratamiento y protecci\u00f3n de los datos personales, usted podr\u00e1 contactarse con nosotros enviando un correo electr\u00f3nico a [\u2022].<\/p>\n<p><strong>Derechos ARCO.<\/strong><\/p>\n<p>Como titular de sus datos personales, usted puede ejercer, en cualquier momento, los derechos de acceso, rectificaci\u00f3n, cancelaci\u00f3n y oposici\u00f3n a la utilizaci\u00f3n de sus datos personales, mediante el env\u00edo de un correo electr\u00f3nico dirigido a la sociedad al siguiente correo electr\u00f3nico [\u2022].<\/p>\n<p>Los derechos ARCO, referidos en el p\u00e1rrafo inmediato anterior, se refieren a lo siguiente:<\/p>\n<p>(i) Acceso: usted tiene el derecho de conocer qu\u00e9 datos personales sobre usted tratamos, as\u00ed como informaci\u00f3n relativa a las condiciones y generalidades del tratamiento.<br \/>(ii) Rectificaci\u00f3n: usted podr\u00e1 solicitar, en todo momento, la rectificaci\u00f3n de sus datos que resulten ser inexactos o incompletos.<br \/>(iii) Cancelaci\u00f3n: usted podr\u00e1 solicitar el cese en el tratamiento de sus datos personales a partir de un bloqueo y su posterior supresi\u00f3n.<br \/>(iv) Oposici\u00f3n: usted podr\u00e1 oponerse, por causa leg\u00edtima, al tratamiento de sus datos personales.<\/p>\n<p><strong>Mecanismos y procedimiento para revocar su consentimiento.<\/strong><\/p>\n<p>En los t\u00e9rminos de la ley aplicable, usted puede revocar el consentimiento que, en su caso, nos haya otorgado. Sin embargo, es importante que tenga en cuenta que no en todos los casos ser\u00e1 procedente su solicitud ya que es posible que por alguna obligaci\u00f3n legal requiramos seguir tratando sus datos personales. Para revocar su consentimiento deber\u00e1 presentar su solicitud a la direcci\u00f3n de correo electr\u00f3nico [\u2022].<\/p>\n<p><strong>Limitar el uso o divulgaci\u00f3n de los datos personales.<\/strong><\/p>\n<p>Usted podr\u00e1 limitar el uso o divulgaci\u00f3n de sus datos personales, girando una solicitud a la direcci\u00f3n de correo electr\u00f3nico [\u2022]. En caso de que su solicitud resulte procedente, el Comit\u00e9 de Privacidad lo registrar\u00e1 en el listado de exclusi\u00f3n y lo har\u00e1 de su conocimiento.<\/p>\n<p><strong>Cookies y web \u201cbeacons\u201d.<\/strong><\/p>\n<p>Al navegar en nuestro sitio web, nuestras \u201ccookies\u201d, \u201cregistro del servidor\u201d y \u201cweb beacons\u201d, recaban cierta informaci\u00f3n no personal. Dichos datos se recaban por el uso e interacci\u00f3n de nuestro sitio web. Los datos incluyen protocolo de internet, sistema operativo, tipo de navegador, dispositivo m\u00f3vil, as\u00ed como la trayectoria que realiza dentro del sitio web.<\/p>\n<p>Dichos datos son utilizados \u00fanicamente con fines estad\u00edsticos relativas al tiempo que pasa en nuestro sitio as\u00ed como los sitios de terceros que lo llevaron a nuestro sitio, asimismo la informaci\u00f3n es utilizada para actualizar los perfiles de los usuarios.<\/p>\n<p><strong>Modificaciones al presente aviso de privacidad.<\/strong><\/p>\n<p>El presente aviso de privacidad puede sufrir modificaciones, cambios o actualizaciones derivadas de nuevos requerimientos legales, de nuestras propias necesidades por los servicios que ofrecemos; de nuestras pr\u00e1cticas de privacidad o por otras causas. Nos comprometemos a mantenerlo informado sobre los cambios que pueda sufrir el presente aviso de privacidad, a trav\u00e9s de nuestro sitio web karleton.com.mx<\/p>\n<p>[\/et_pb_text][et_pb_text _builder_version=&#8221;4.27.4&#8243; _module_preset=&#8221;default&#8221; theme_builder_area=&#8221;post_content&#8221; _dynamic_attributes=&#8221;content&#8221; text_font=&#8221;|700|||||||&#8221; global_colors_info=&#8221;{%22gcid-primary-color%22:%91%22text_text_color%22%93}&#8221; text_text_color=&#8221;gcid-primary-color&#8221; custom_margin=&#8221;30px||0px||false|false&#8221; hover_enabled=&#8221;0&#8243; sticky_enabled=&#8221;0&#8243;]@ET-DC@eyJkeW5hbWljIjp0cnVlLCJjb250ZW50IjoiY3VycmVudF9kYXRlIiwic2V0dGluZ3MiOnsiYmVmb3JlIjoiRmVjaGEgZGUgw7psdGltYSBhY3R1YWxpemFjacOzbjogTm92aWVtYnJlIGRlbCAiLCJhZnRlciI6IiIsImRhdGVfZm9ybWF0IjoiY3VzdG9tIiwiY3VzdG9tX2RhdGVfZm9ybWF0IjoiWSJ9fQ==@[\/et_pb_text][\/et_pb_column][\/et_pb_row][\/et_pb_section]<\/p>\n","protected":false},"excerpt":{"rendered":"<p>AVISO DE PRIVACIDAD PARA LOS CLIENTES DE KARLETON\/PELLA, S.A DE C.V. &nbsp; De conformidad y acorde a lo regulado por la Ley Federal de Protecci\u00f3n de Datos Personales en Posesi\u00f3n de Particulares, KARLETON\/PELLA, S.A. DE C.V., pone a su disposici\u00f3n y consideraci\u00f3n, el siguiente aviso de privacidad: KARLETON\/PELLA, S.A. DE C.V. (en adelante, la \u201csociedad\u201d), [&hellip;]<\/p>\n","protected":false},"author":1,"featured_media":0,"parent":0,"menu_order":80,"comment_status":"closed","ping_status":"closed","template":"","meta":{"_acf_changed":false,"_et_pb_use_builder":"on","_et_pb_old_content":"<!-- wp:heading -->\r\n<h2 class=\"wp-block-heading\">Who we are<\/h2>\r\n<!-- \/wp:heading --><!-- wp:paragraph -->\r\n<p><strong class=\"privacy-policy-tutorial\">Suggested text: <\/strong>Our website address is: https:\/\/karleton.com.mx\/a.<\/p>\r\n<!-- \/wp:paragraph --><!-- wp:heading -->\r\n<h2 class=\"wp-block-heading\">Comments<\/h2>\r\n<!-- \/wp:heading --><!-- wp:paragraph -->\r\n<p><strong class=\"privacy-policy-tutorial\">Suggested text: <\/strong>When visitors leave comments on the site we collect the data shown in the comments form, and also the visitor\u2019s IP address and browser user agent string to help spam detection.<\/p>\r\n<!-- \/wp:paragraph --><!-- wp:paragraph -->\r\n<p>An anonymized string created from your email address (also called a hash) may be provided to the Gravatar service to see if you are using it. The Gravatar service privacy policy is available here: https:\/\/automattic.com\/privacy\/. After approval of your comment, your profile picture is visible to the public in the context of your comment.<\/p>\r\n<!-- \/wp:paragraph --><!-- wp:heading -->\r\n<h2 class=\"wp-block-heading\">Media<\/h2>\r\n<!-- \/wp:heading --><!-- wp:paragraph -->\r\n<p><strong class=\"privacy-policy-tutorial\">Suggested text: <\/strong>If you upload images to the website, you should avoid uploading images with embedded location data (EXIF GPS) included. Visitors to the website can download and extract any location data from images on the website.<\/p>\r\n<!-- \/wp:paragraph --><!-- wp:heading -->\r\n<h2 class=\"wp-block-heading\">Cookies<\/h2>\r\n<!-- \/wp:heading --><!-- wp:paragraph -->\r\n<p><strong class=\"privacy-policy-tutorial\">Suggested text: <\/strong>If you leave a comment on our site you may opt-in to saving your name, email address and website in cookies. These are for your convenience so that you do not have to fill in your details again when you leave another comment. These cookies will last for one year.<\/p>\r\n<!-- \/wp:paragraph --><!-- wp:paragraph -->\r\n<p>If you visit our login page, we will set a temporary cookie to determine if your browser accepts cookies. This cookie contains no personal data and is discarded when you close your browser.<\/p>\r\n<!-- \/wp:paragraph --><!-- wp:paragraph -->\r\n<p>When you log in, we will also set up several cookies to save your login information and your screen display choices. Login cookies last for two days, and screen options cookies last for a year. If you select \"Remember Me\", your login will persist for two weeks. If you log out of your account, the login cookies will be removed.<\/p>\r\n<!-- \/wp:paragraph --><!-- wp:paragraph -->\r\n<p>If you edit or publish an article, an additional cookie will be saved in your browser. This cookie includes no personal data and simply indicates the post ID of the article you just edited. It expires after 1 day.<\/p>\r\n<!-- \/wp:paragraph --><!-- wp:heading -->\r\n<h2 class=\"wp-block-heading\">Embedded content from other websites<\/h2>\r\n<!-- \/wp:heading --><!-- wp:paragraph -->\r\n<p><strong class=\"privacy-policy-tutorial\">Suggested text: <\/strong>Articles on this site may include embedded content (e.g. videos, images, articles, etc.). Embedded content from other websites behaves in the exact same way as if the visitor has visited the other website.<\/p>\r\n<!-- \/wp:paragraph --><!-- wp:paragraph -->\r\n<p>These websites may collect data about you, use cookies, embed additional third-party tracking, and monitor your interaction with that embedded content, including tracking your interaction with the embedded content if you have an account and are logged in to that website.<\/p>\r\n<!-- \/wp:paragraph --><!-- wp:heading -->\r\n<h2 class=\"wp-block-heading\">Who we share your data with<\/h2>\r\n<!-- \/wp:heading --><!-- wp:paragraph -->\r\n<p><strong class=\"privacy-policy-tutorial\">Suggested text: <\/strong>If you request a password reset, your IP address will be included in the reset email.<\/p>\r\n<!-- \/wp:paragraph --><!-- wp:heading -->\r\n<h2 class=\"wp-block-heading\">How long we retain your data<\/h2>\r\n<!-- \/wp:heading --><!-- wp:paragraph -->\r\n<p><strong class=\"privacy-policy-tutorial\">Suggested text: <\/strong>If you leave a comment, the comment and its metadata are retained indefinitely. This is so we can recognize and approve any follow-up comments automatically instead of holding them in a moderation queue.<\/p>\r\n<!-- \/wp:paragraph --><!-- wp:paragraph -->\r\n<p>For users that register on our website (if any), we also store the personal information they provide in their user profile. All users can see, edit, or delete their personal information at any time (except they cannot change their username). Website administrators can also see and edit that information.<\/p>\r\n<!-- \/wp:paragraph --><!-- wp:heading -->\r\n<h2 class=\"wp-block-heading\">What rights you have over your data<\/h2>\r\n<!-- \/wp:heading --><!-- wp:paragraph -->\r\n<p><strong class=\"privacy-policy-tutorial\">Suggested text: <\/strong>If you have an account on this site, or have left comments, you can request to receive an exported file of the personal data we hold about you, including any data you have provided to us. You can also request that we erase any personal data we hold about you. This does not include any data we are obliged to keep for administrative, legal, or security purposes.<\/p>\r\n<!-- \/wp:paragraph --><!-- wp:heading -->\r\n<h2 class=\"wp-block-heading\">Where your data is sent<\/h2>\r\n<!-- \/wp:heading --><!-- wp:paragraph -->\r\n<p><strong class=\"privacy-policy-tutorial\">Suggested text: <\/strong>Visitor comments may be checked through an automated spam detection service.<\/p>\r\n<!-- \/wp:paragraph -->\r\n<p>\u00a0<\/p>","_et_gb_content_width":"","footnotes":""},"class_list":["post-3","page","type-page","status-publish","hentry"],"acf":[],"yoast_head":"<!-- This site is optimized with the Yoast SEO plugin v27.5 - https:\/\/yoast.com\/product\/yoast-seo-wordpress\/ -->\n<title>Aviso de Privacidad - Karleton<\/title>\n<meta name=\"robots\" content=\"index, follow, max-snippet:-1, max-image-preview:large, max-video-preview:-1\" \/>\n<link rel=\"canonical\" href=\"https:\/\/karleton.com.mx\/aviso-de-privacidad\/\" \/>\n<meta property=\"og:locale\" content=\"en_US\" \/>\n<meta property=\"og:type\" content=\"article\" \/>\n<meta property=\"og:title\" content=\"Aviso de Privacidad - Karleton\" \/>\n<meta property=\"og:description\" content=\"AVISO DE PRIVACIDAD PARA LOS CLIENTES DE KARLETON\/PELLA, S.A DE C.V. &nbsp; De conformidad y acorde a lo regulado por la Ley Federal de Protecci\u00f3n de Datos Personales en Posesi\u00f3n de Particulares, KARLETON\/PELLA, S.A. DE C.V., pone a su disposici\u00f3n y consideraci\u00f3n, el siguiente aviso de privacidad: KARLETON\/PELLA, S.A. DE C.V. (en adelante, la \u201csociedad\u201d), [&hellip;]\" \/>\n<meta property=\"og:url\" content=\"https:\/\/karleton.com.mx\/aviso-de-privacidad\/\" \/>\n<meta property=\"og:site_name\" content=\"Karleton\" \/>\n<meta property=\"article:publisher\" content=\"https:\/\/www.facebook.com\/karletonmx\" \/>\n<meta property=\"article:modified_time\" content=\"2025-11-28T01:52:44+00:00\" \/>\n<meta name=\"twitter:card\" content=\"summary_large_image\" \/>\n<meta name=\"twitter:site\" content=\"@KarletonPVC\" \/>\n<meta name=\"twitter:label1\" content=\"Est. reading time\" \/>\n\t<meta name=\"twitter:data1\" content=\"6 minutes\" \/>\n<script type=\"application\/ld+json\" class=\"yoast-schema-graph\">{\"@context\":\"https:\\\/\\\/schema.org\",\"@graph\":[{\"@type\":\"WebPage\",\"@id\":\"https:\\\/\\\/karleton.com.mx\\\/aviso-de-privacidad\\\/\",\"url\":\"https:\\\/\\\/karleton.com.mx\\\/aviso-de-privacidad\\\/\",\"name\":\"Aviso de Privacidad - Karleton\",\"isPartOf\":{\"@id\":\"https:\\\/\\\/karleton.com.mx\\\/#website\"},\"datePublished\":\"2025-11-25T17:03:13+00:00\",\"dateModified\":\"2025-11-28T01:52:44+00:00\",\"breadcrumb\":{\"@id\":\"https:\\\/\\\/karleton.com.mx\\\/aviso-de-privacidad\\\/#breadcrumb\"},\"inLanguage\":\"en-US\",\"potentialAction\":[{\"@type\":\"ReadAction\",\"target\":[\"https:\\\/\\\/karleton.com.mx\\\/aviso-de-privacidad\\\/\"]}]},{\"@type\":\"BreadcrumbList\",\"@id\":\"https:\\\/\\\/karleton.com.mx\\\/aviso-de-privacidad\\\/#breadcrumb\",\"itemListElement\":[{\"@type\":\"ListItem\",\"position\":1,\"name\":\"Home\",\"item\":\"https:\\\/\\\/karleton.com.mx\\\/\"},{\"@type\":\"ListItem\",\"position\":2,\"name\":\"Aviso de Privacidad\"}]},{\"@type\":\"WebSite\",\"@id\":\"https:\\\/\\\/karleton.com.mx\\\/#website\",\"url\":\"https:\\\/\\\/karleton.com.mx\\\/\",\"name\":\"Karleton\",\"description\":\"Fabricante de Puertas y Ventanas de PVC y Aluminio\",\"publisher\":{\"@id\":\"https:\\\/\\\/karleton.com.mx\\\/#organization\"},\"potentialAction\":[{\"@type\":\"SearchAction\",\"target\":{\"@type\":\"EntryPoint\",\"urlTemplate\":\"https:\\\/\\\/karleton.com.mx\\\/?s={search_term_string}\"},\"query-input\":{\"@type\":\"PropertyValueSpecification\",\"valueRequired\":true,\"valueName\":\"search_term_string\"}}],\"inLanguage\":\"en-US\"},{\"@type\":\"Organization\",\"@id\":\"https:\\\/\\\/karleton.com.mx\\\/#organization\",\"name\":\"Karleton\",\"url\":\"https:\\\/\\\/karleton.com.mx\\\/\",\"logo\":{\"@type\":\"ImageObject\",\"inLanguage\":\"en-US\",\"@id\":\"https:\\\/\\\/karleton.com.mx\\\/#\\\/schema\\\/logo\\\/image\\\/\",\"url\":\"https:\\\/\\\/karleton.com.mx\\\/a\\\/wp-content\\\/uploads\\\/2025\\\/11\\\/yoast-karleton.jpg\",\"contentUrl\":\"https:\\\/\\\/karleton.com.mx\\\/a\\\/wp-content\\\/uploads\\\/2025\\\/11\\\/yoast-karleton.jpg\",\"width\":1640,\"height\":856,\"caption\":\"Karleton\"},\"image\":{\"@id\":\"https:\\\/\\\/karleton.com.mx\\\/#\\\/schema\\\/logo\\\/image\\\/\"},\"sameAs\":[\"https:\\\/\\\/www.facebook.com\\\/karletonmx\",\"https:\\\/\\\/x.com\\\/KarletonPVC\",\"https:\\\/\\\/www.instagram.com\\\/karletonpvc\"]}]}<\/script>\n<!-- \/ Yoast SEO plugin. -->","yoast_head_json":{"title":"Aviso de Privacidad - Karleton","robots":{"index":"index","follow":"follow","max-snippet":"max-snippet:-1","max-image-preview":"max-image-preview:large","max-video-preview":"max-video-preview:-1"},"canonical":"https:\/\/karleton.com.mx\/aviso-de-privacidad\/","og_locale":"en_US","og_type":"article","og_title":"Aviso de Privacidad - Karleton","og_description":"AVISO DE PRIVACIDAD PARA LOS CLIENTES DE KARLETON\/PELLA, S.A DE C.V. &nbsp; De conformidad y acorde a lo regulado por la Ley Federal de Protecci\u00f3n de Datos Personales en Posesi\u00f3n de Particulares, KARLETON\/PELLA, S.A. DE C.V., pone a su disposici\u00f3n y consideraci\u00f3n, el siguiente aviso de privacidad: KARLETON\/PELLA, S.A. DE C.V. (en adelante, la \u201csociedad\u201d), [&hellip;]","og_url":"https:\/\/karleton.com.mx\/aviso-de-privacidad\/","og_site_name":"Karleton","article_publisher":"https:\/\/www.facebook.com\/karletonmx","article_modified_time":"2025-11-28T01:52:44+00:00","twitter_card":"summary_large_image","twitter_site":"@KarletonPVC","twitter_misc":{"Est. reading time":"6 minutes"},"schema":{"@context":"https:\/\/schema.org","@graph":[{"@type":"WebPage","@id":"https:\/\/karleton.com.mx\/aviso-de-privacidad\/","url":"https:\/\/karleton.com.mx\/aviso-de-privacidad\/","name":"Aviso de Privacidad - Karleton","isPartOf":{"@id":"https:\/\/karleton.com.mx\/#website"},"datePublished":"2025-11-25T17:03:13+00:00","dateModified":"2025-11-28T01:52:44+00:00","breadcrumb":{"@id":"https:\/\/karleton.com.mx\/aviso-de-privacidad\/#breadcrumb"},"inLanguage":"en-US","potentialAction":[{"@type":"ReadAction","target":["https:\/\/karleton.com.mx\/aviso-de-privacidad\/"]}]},{"@type":"BreadcrumbList","@id":"https:\/\/karleton.com.mx\/aviso-de-privacidad\/#breadcrumb","itemListElement":[{"@type":"ListItem","position":1,"name":"Home","item":"https:\/\/karleton.com.mx\/"},{"@type":"ListItem","position":2,"name":"Aviso de Privacidad"}]},{"@type":"WebSite","@id":"https:\/\/karleton.com.mx\/#website","url":"https:\/\/karleton.com.mx\/","name":"Karleton","description":"Fabricante de Puertas y Ventanas de PVC y Aluminio","publisher":{"@id":"https:\/\/karleton.com.mx\/#organization"},"potentialAction":[{"@type":"SearchAction","target":{"@type":"EntryPoint","urlTemplate":"https:\/\/karleton.com.mx\/?s={search_term_string}"},"query-input":{"@type":"PropertyValueSpecification","valueRequired":true,"valueName":"search_term_string"}}],"inLanguage":"en-US"},{"@type":"Organization","@id":"https:\/\/karleton.com.mx\/#organization","name":"Karleton","url":"https:\/\/karleton.com.mx\/","logo":{"@type":"ImageObject","inLanguage":"en-US","@id":"https:\/\/karleton.com.mx\/#\/schema\/logo\/image\/","url":"https:\/\/karleton.com.mx\/a\/wp-content\/uploads\/2025\/11\/yoast-karleton.jpg","contentUrl":"https:\/\/karleton.com.mx\/a\/wp-content\/uploads\/2025\/11\/yoast-karleton.jpg","width":1640,"height":856,"caption":"Karleton"},"image":{"@id":"https:\/\/karleton.com.mx\/#\/schema\/logo\/image\/"},"sameAs":["https:\/\/www.facebook.com\/karletonmx","https:\/\/x.com\/KarletonPVC","https:\/\/www.instagram.com\/karletonpvc"]}]}},"_links":{"self":[{"href":"https:\/\/karleton.com.mx\/a\/wp-json\/wp\/v2\/pages\/3","targetHints":{"allow":["GET"]}}],"collection":[{"href":"https:\/\/karleton.com.mx\/a\/wp-json\/wp\/v2\/pages"}],"about":[{"href":"https:\/\/karleton.com.mx\/a\/wp-json\/wp\/v2\/types\/page"}],"author":[{"embeddable":true,"href":"https:\/\/karleton.com.mx\/a\/wp-json\/wp\/v2\/users\/1"}],"replies":[{"embeddable":true,"href":"https:\/\/karleton.com.mx\/a\/wp-json\/wp\/v2\/comments?post=3"}],"version-history":[{"count":4,"href":"https:\/\/karleton.com.mx\/a\/wp-json\/wp\/v2\/pages\/3\/revisions"}],"predecessor-version":[{"id":100090,"href":"https:\/\/karleton.com.mx\/a\/wp-json\/wp\/v2\/pages\/3\/revisions\/100090"}],"wp:attachment":[{"href":"https:\/\/karleton.com.mx\/a\/wp-json\/wp\/v2\/media?parent=3"}],"curies":[{"name":"wp","href":"https:\/\/api.w.org\/{rel}","templated":true}]}}