{"id":99977,"date":"2025-11-27T10:35:31","date_gmt":"2025-11-27T16:35:31","guid":{"rendered":"https:\/\/karleton.com.mx\/a\/?page_id=99977"},"modified":"2025-12-10T13:48:55","modified_gmt":"2025-12-10T19:48:55","slug":"puertas-y-ventanas-de-pvc","status":"publish","type":"page","link":"https:\/\/karleton.com.mx\/a\/puertas-y-ventanas-de-pvc\/","title":{"rendered":"Puertas y Ventanas de PVC"},"content":{"rendered":"<p>[et_pb_section fb_built=&#8221;1&#8243; admin_label=&#8221;Section Header&#8221; _builder_version=&#8221;4.27.4&#8243; _module_preset=&#8221;default&#8221; custom_padding=&#8221;0px||0px||true|false&#8221; locked=&#8221;off&#8221; global_colors_info=&#8221;{}&#8221;][et_pb_row make_equal=&#8221;on&#8221; _builder_version=&#8221;4.27.4&#8243; _module_preset=&#8221;default&#8221; use_background_color_gradient=&#8221;on&#8221; background_color_gradient_stops=&#8221;rgba(0,0,0,0.6) 0%|rgba(0,0,0,0.9) 99%&#8221; background_color_gradient_overlays_image=&#8221;on&#8221; background_image=&#8221;https:\/\/karleton.com.mx\/a\/wp-content\/uploads\/2025\/11\/01-a-hero-projects-karleton-puertas-ventanas-pvc-aluminio.jpg&#8221; parallax=&#8221;on&#8221; width=&#8221;100%&#8221; width_tablet=&#8221;100%&#8221; width_phone=&#8221;&#8221; width_last_edited=&#8221;on|phone&#8221; max_width=&#8221;100%&#8221; max_width_tablet=&#8221;100%&#8221; max_width_phone=&#8221;100%&#8221; min_height=&#8221;40vh&#8221; min_height_tablet=&#8221;35vh&#8221; min_height_phone=&#8221;45vh&#8221; min_height_last_edited=&#8221;on|tablet&#8221; custom_margin=&#8221;0px||0px||true|false&#8221; custom_padding=&#8221;100px|10%||10%|false|true&#8221; custom_css_main_element=&#8221;display: flex;||align-items: flex-end;&#8221; global_colors_info=&#8221;{}&#8221;][et_pb_column type=&#8221;4_4&#8243; _builder_version=&#8221;4.23.1&#8243; _module_preset=&#8221;default&#8221; global_colors_info=&#8221;{}&#8221;][et_pb_text admin_label=&#8221;Page Title&#8221; _builder_version=&#8221;4.27.4&#8243; _dynamic_attributes=&#8221;content&#8221; _module_preset=&#8221;default&#8221; header_font=&#8221;|600|||||||&#8221; header_text_color=&#8221;#FFFFFF&#8221; header_font_size=&#8221;70px&#8221; custom_margin=&#8221;||5px||false|false&#8221; header_font_size_tablet=&#8221;45px&#8221; global_colors_info=&#8221;{}&#8221;]@ET-DC@eyJkeW5hbWljIjp0cnVlLCJjb250ZW50IjoicG9zdF90aXRsZSIsInNldHRpbmdzIjp7ImJlZm9yZSI6IjxoMT4iLCJhZnRlciI6IjwvaDE+In19@[\/et_pb_text][et_pb_text _builder_version=&#8221;4.27.5&#8243; _module_preset=&#8221;default&#8221; header_3_font_size=&#8221;25px&#8221; header_3_font_size_last_edited=&#8221;off|desktop&#8221; locked=&#8221;off&#8221; global_colors_info=&#8221;{}&#8221;]<\/p>\n<h3>El material ideal por excelencia<\/h3>\n<p>[\/et_pb_text][\/et_pb_column][\/et_pb_row][\/et_pb_section][et_pb_section fb_built=&#8221;1&#8243; _builder_version=&#8221;4.27.4&#8243; _module_preset=&#8221;5a4bb3c7-69c6-43ad-bc46-5c8b1dd3d845&#8243; global_colors_info=&#8221;{}&#8221;][et_pb_row column_structure=&#8221;2_5,3_5&#8243; make_equal=&#8221;on&#8221; custom_padding_last_edited=&#8221;on|tablet&#8221; _builder_version=&#8221;4.27.4&#8243; _module_preset=&#8221;default&#8221; custom_margin=&#8221;0px||40px||false|false&#8221; custom_padding_tablet=&#8221;0px||||false|false&#8221; custom_padding_phone=&#8221;||||false|false&#8221; custom_css_main_element=&#8221;align-items: center;&#8221; global_colors_info=&#8221;{}&#8221;][et_pb_column type=&#8221;2_5&#8243; _builder_version=&#8221;4.23.1&#8243; _module_preset=&#8221;default&#8221; global_colors_info=&#8221;{}&#8221;][et_pb_image src=&#8221;https:\/\/karleton.com.mx\/a\/wp-content\/uploads\/2025\/11\/dpar-mansion-property-living-room-room-interior-design.webp&#8221; title_text=&#8221;dpar-mansion-property-living-room-room-interior-design&#8221; _builder_version=&#8221;4.23.1&#8243; _module_preset=&#8221;default&#8221; global_colors_info=&#8221;{}&#8221;][\/et_pb_image][\/et_pb_column][et_pb_column type=&#8221;3_5&#8243; _builder_version=&#8221;4.23.1&#8243; _module_preset=&#8221;default&#8221; global_colors_info=&#8221;{}&#8221;][et_pb_text _builder_version=&#8221;4.27.5&#8243; _module_preset=&#8221;default&#8221; text_font=&#8221;|700|||||||&#8221; text_text_color=&#8221;gcid-body-color&#8221; text_font_size=&#8221;2vw&#8221; text_line_height=&#8221;1.2em&#8221; custom_margin=&#8221;0px||20px||false|false&#8221; text_font_size_tablet=&#8221;3vw&#8221; text_font_size_phone=&#8221;6vw&#8221; text_font_size_last_edited=&#8221;on|desktop&#8221; global_colors_info=&#8221;{%22gcid-body-color%22:%91%22text_text_color%22%93}&#8221;]<\/p>\n<p>Explorando las Virtudes de las Ventanas de PVC: Innovaci\u00f3n Resiliente para tu Hogar u Oficina.<\/p>\n<p>[\/et_pb_text][et_pb_text _builder_version=&#8221;4.27.5&#8243; _module_preset=&#8221;default&#8221; global_colors_info=&#8221;{}&#8221;]<\/p>\n<p>En el vasto universo de opciones para la construcci\u00f3n y renovaci\u00f3n del hogar u oficina, las ventanas de PVC emergen como una elecci\u00f3n cautivadora. El acr\u00f3nimo \u201cPVC\u201d que se traduce en \u201cpolicloruro de vinilo\u201d revela un material pl\u00e1stico robusto, destacado por su durabilidad y resistencia. Estas ventanas encarnan la s\u00edntesis perfecta entre funcionalidad y est\u00e9tica, siendo conocidas por su eficiencia en aislamiento t\u00e9rmico y ac\u00fastico, su resistencia a la intemperie, y su bajo mantenimiento.<\/p>\n<p>[\/et_pb_text][\/et_pb_column][\/et_pb_row][\/et_pb_section][et_pb_section fb_built=&#8221;1&#8243; admin_label=&#8221;PVC&#8221; _builder_version=&#8221;4.17.6&#8243; _module_preset=&#8221;default&#8221; global_colors_info=&#8221;{}&#8221;][et_pb_row _builder_version=&#8221;4.22.2&#8243; _module_preset=&#8221;default&#8221; global_colors_info=&#8221;{}&#8221;][et_pb_column type=&#8221;4_4&#8243; _builder_version=&#8221;4.17.6&#8243; _module_preset=&#8221;default&#8221; global_colors_info=&#8221;{}&#8221;][et_pb_text _builder_version=&#8221;4.22.2&#8243; _module_preset=&#8221;default&#8221; header_2_font_size=&#8221;35px&#8221; global_colors_info=&#8221;{}&#8221;]<\/p>\n<h2><strong>PVC en Detalle: M\u00e1s All\u00e1 de lo Convencional<\/strong><\/h2>\n<p>[\/et_pb_text][\/et_pb_column][\/et_pb_row][et_pb_row column_structure=&#8221;1_2,1_2&#8243; _builder_version=&#8221;4.22.2&#8243; _module_preset=&#8221;default&#8221; custom_margin=&#8221;0px||0px||true|false&#8221; global_colors_info=&#8221;{}&#8221;][et_pb_column type=&#8221;1_2&#8243; _builder_version=&#8221;4.17.6&#8243; _module_preset=&#8221;default&#8221; global_colors_info=&#8221;{}&#8221;][et_pb_blurb title=&#8221;Aislamiento T\u00e9rmico&#8221; use_icon=&#8221;on&#8221; font_icon=&#8221;&#xf058;||fa||900&#8243; _builder_version=&#8221;4.22.2&#8243; _module_preset=&#8221;default&#8221; header_text_color=&#8221;#414042&#8243; body_font_size=&#8221;15px&#8221; custom_margin=&#8221;0px||20px||false|false&#8221; body_font_size_tablet=&#8221;15px&#8221; body_font_size_phone=&#8221;15px&#8221; body_font_size_last_edited=&#8221;on|desktop&#8221; global_colors_info=&#8221;{}&#8221;]<\/p>\n<p>La capacidad excepcional para conservar la temperatura interna se traduce en una reducci\u00f3n significativa de los costos asociados con la climatizaci\u00f3n.<\/p>\n<p>[\/et_pb_blurb][et_pb_blurb title=&#8221;Aislamiento Ac\u00fastico&#8221; use_icon=&#8221;on&#8221; font_icon=&#8221;&#xf058;||fa||900&#8243; _builder_version=&#8221;4.22.2&#8243; _module_preset=&#8221;default&#8221; header_text_color=&#8221;#414042&#8243; body_font_size=&#8221;15px&#8221; custom_margin=&#8221;0px||20px||false|false&#8221; body_font_size_tablet=&#8221;15px&#8221; body_font_size_phone=&#8221;15px&#8221; body_font_size_last_edited=&#8221;on|desktop&#8221; global_colors_info=&#8221;{}&#8221;]<\/p>\n<p>Actuando como una barrera eficaz, estas ventanas son aliadas perfectas para aquellos que buscan paz en entornos ruidosos.<\/p>\n<p>[\/et_pb_blurb][et_pb_blurb title=&#8221;Durabilidad&#8221; use_icon=&#8221;on&#8221; font_icon=&#8221;&#xf058;||fa||900&#8243; _builder_version=&#8221;4.22.2&#8243; _module_preset=&#8221;default&#8221; header_text_color=&#8221;#414042&#8243; body_font_size=&#8221;15px&#8221; custom_margin=&#8221;0px||20px||false|false&#8221; body_font_size_tablet=&#8221;15px&#8221; body_font_size_phone=&#8221;15px&#8221; body_font_size_last_edited=&#8221;on|desktop&#8221; global_colors_info=&#8221;{}&#8221;]<\/p>\n<p>Inmune a corrosiones y fisuras, el PVC se erige como un campe\u00f3n de la resistencia, sin requerir la carga adicional de pinturas o mantenimientos frecuentes.<\/p>\n<p>[\/et_pb_blurb][et_pb_blurb title=&#8221;Eficiencia Energ\u00e9tica&#8221; use_icon=&#8221;on&#8221; font_icon=&#8221;&#xf058;||fa||900&#8243; _builder_version=&#8221;4.22.2&#8243; _module_preset=&#8221;default&#8221; header_text_color=&#8221;#414042&#8243; body_font_size=&#8221;15px&#8221; custom_margin=&#8221;0px||20px||false|false&#8221; body_font_size_tablet=&#8221;15px&#8221; body_font_size_phone=&#8221;15px&#8221; body_font_size_last_edited=&#8221;on|desktop&#8221; global_colors_info=&#8221;{}&#8221;]<\/p>\n<p>Contribuyen de manera activa a la eficiencia energ\u00e9tica del hogar, minimizando las p\u00e9rdidas de calor o fr\u00edo.<\/p>\n<p>[\/et_pb_blurb][et_pb_blurb title=&#8221;Variedad de Dise\u00f1os&#8221; use_icon=&#8221;on&#8221; font_icon=&#8221;&#xf058;||fa||900&#8243; _builder_version=&#8221;4.22.2&#8243; _module_preset=&#8221;default&#8221; header_text_color=&#8221;#414042&#8243; body_font_size=&#8221;15px&#8221; custom_margin=&#8221;0px||20px||false|false&#8221; body_font_size_tablet=&#8221;15px&#8221; body_font_size_phone=&#8221;15px&#8221; body_font_size_last_edited=&#8221;on|desktop&#8221; global_colors_info=&#8221;{}&#8221;]<\/p>\n<p>La diversidad de estilos y colores disponible asegura que estas ventanas no solo sean funcionales, sino tambi\u00e9n un deleite est\u00e9tico.<\/p>\n<p>[\/et_pb_blurb][\/et_pb_column][et_pb_column type=&#8221;1_2&#8243; _builder_version=&#8221;4.17.6&#8243; _module_preset=&#8221;default&#8221; global_colors_info=&#8221;{}&#8221;][et_pb_blurb title=&#8221;F\u00e1cil Mantenimiento&#8221; use_icon=&#8221;on&#8221; font_icon=&#8221;&#xf058;||fa||900&#8243; _builder_version=&#8221;4.22.2&#8243; _module_preset=&#8221;default&#8221; header_text_color=&#8221;#414042&#8243; body_font_size=&#8221;15px&#8221; custom_margin=&#8221;0px||20px||false|false&#8221; body_font_size_tablet=&#8221;15px&#8221; body_font_size_phone=&#8221;15px&#8221; body_font_size_last_edited=&#8221;on|desktop&#8221; global_colors_info=&#8221;{}&#8221;]<\/p>\n<p>Reclamando su lugar como la elecci\u00f3n de bajo mantenimiento, estas ventanas se limpian f\u00e1cilmente con agua y jab\u00f3n.<\/p>\n<p>[\/et_pb_blurb][et_pb_blurb title=&#8221;Resistencia a la Intemperie&#8221; use_icon=&#8221;on&#8221; font_icon=&#8221;&#xf058;||fa||900&#8243; _builder_version=&#8221;4.22.2&#8243; _module_preset=&#8221;default&#8221; header_text_color=&#8221;#414042&#8243; body_font_size=&#8221;15px&#8221; custom_margin=&#8221;0px||20px||false|false&#8221; body_font_size_tablet=&#8221;15px&#8221; body_font_size_phone=&#8221;15px&#8221; body_font_size_last_edited=&#8221;on|desktop&#8221; global_colors_info=&#8221;{}&#8221;]<\/p>\n<p>Desafiantes ante la humedad, la lluvia y los embates de la radiaci\u00f3n UV, estas ventanas demuestran su versatilidad en climas diversos.<\/p>\n<p>[\/et_pb_blurb][et_pb_blurb title=&#8221;Seguridad&#8221; use_icon=&#8221;on&#8221; font_icon=&#8221;&#xf058;||fa||900&#8243; _builder_version=&#8221;4.22.2&#8243; _module_preset=&#8221;default&#8221; header_text_color=&#8221;#414042&#8243; body_font_size=&#8221;15px&#8221; custom_margin=&#8221;0px||20px||false|false&#8221; body_font_size_tablet=&#8221;15px&#8221; body_font_size_phone=&#8221;15px&#8221; body_font_size_last_edited=&#8221;on|desktop&#8221; global_colors_info=&#8221;{}&#8221;]<\/p>\n<p>Algunas variantes vienen equipadas con caracter\u00edsticas de seguridad avanzadas, incluyendo cerraduras multipunto.<\/p>\n<p>[\/et_pb_blurb][et_pb_blurb title=&#8221;Costo-Efectividad&#8221; use_icon=&#8221;on&#8221; font_icon=&#8221;&#xf058;||fa||900&#8243; _builder_version=&#8221;4.22.2&#8243; _module_preset=&#8221;default&#8221; header_text_color=&#8221;#414042&#8243; body_font_size=&#8221;15px&#8221; custom_margin=&#8221;0px||20px||false|false&#8221; body_font_size_tablet=&#8221;15px&#8221; body_font_size_phone=&#8221;15px&#8221; body_font_size_last_edited=&#8221;on|desktop&#8221; global_colors_info=&#8221;{}&#8221;]<\/p>\n<p>M\u00e1s all\u00e1 de su atractivo inicial, estas ventanas ofrecen ahorros a largo plazo, consolid\u00e1ndose como una opci\u00f3n econ\u00f3micamente sensata.<\/p>\n<p>[\/et_pb_blurb][et_pb_blurb title=&#8221;Ecol\u00f3gicas&#8221; use_icon=&#8221;on&#8221; font_icon=&#8221;&#xf058;||fa||900&#8243; _builder_version=&#8221;4.22.2&#8243; _module_preset=&#8221;default&#8221; header_text_color=&#8221;#414042&#8243; body_font_size=&#8221;15px&#8221; custom_margin=&#8221;0px||20px||false|false&#8221; body_font_size_tablet=&#8221;15px&#8221; body_font_size_phone=&#8221;15px&#8221; body_font_size_last_edited=&#8221;on|desktop&#8221; global_colors_info=&#8221;{}&#8221;]<\/p>\n<p>Abrazando la sostenibilidad, el PVC reciclable a\u00f1ade un toque verde a la elecci\u00f3n de ventanas, contribuyendo al compromiso ambiental.<\/p>\n<p>[\/et_pb_blurb][\/et_pb_column][\/et_pb_row][\/et_pb_section][et_pb_section fb_built=&#8221;1&#8243; admin_label=&#8221;PVC&#8221; _builder_version=&#8221;4.22.2&#8243; _module_preset=&#8221;default&#8221; background_color=&#8221;#E9202F&#8221; custom_padding=&#8221;0px||0px||true|false&#8221; global_colors_info=&#8221;{}&#8221;][et_pb_row _builder_version=&#8221;4.22.2&#8243; _module_preset=&#8221;default&#8221; global_colors_info=&#8221;{}&#8221;][et_pb_column type=&#8221;4_4&#8243; _builder_version=&#8221;4.17.6&#8243; _module_preset=&#8221;default&#8221; global_colors_info=&#8221;{}&#8221;][et_pb_text _builder_version=&#8221;4.22.2&#8243; _module_preset=&#8221;default&#8221; text_font=&#8221;|700|||||||&#8221; text_font_size=&#8221;25px&#8221; text_line_height=&#8221;2em&#8221; header_2_font_size=&#8221;35px&#8221; text_orientation=&#8221;center&#8221; background_layout=&#8221;dark&#8221; text_font_size_tablet=&#8221;20px&#8221; text_font_size_phone=&#8221;19px&#8221; text_font_size_last_edited=&#8221;on|phone&#8221; text_line_height_tablet=&#8221;1.5em&#8221; text_line_height_phone=&#8221;1.5em&#8221; text_line_height_last_edited=&#8221;on|tablet&#8221; global_colors_info=&#8221;{}&#8221;]<\/p>\n<p>Las ventanas de PVC se erigen como un faro en el horizonte de la construcci\u00f3n y renovaci\u00f3n de viviendas, amalgamando lo pr\u00e1ctico con lo est\u00e9ticamente agradable.<\/p>\n<p>[\/et_pb_text][\/et_pb_column][\/et_pb_row][\/et_pb_section][et_pb_section fb_built=&#8221;1&#8243; disabled_on=&#8221;on|on|off&#8221; admin_label=&#8221;Colores PVC&#8221; _builder_version=&#8221;4.16&#8243; custom_padding=&#8221;0px||0px|||&#8221; saved_tabs=&#8221;all&#8221; collapsed=&#8221;on&#8221; global_colors_info=&#8221;{}&#8221;][et_pb_row _builder_version=&#8221;4.16&#8243; global_colors_info=&#8221;{}&#8221;][et_pb_column type=&#8221;4_4&#8243; _builder_version=&#8221;4.16&#8243; global_colors_info=&#8221;{}&#8221;][et_pb_text _builder_version=&#8221;4.16&#8243; header_font=&#8221;|700|||||||&#8221; header_text_color=&#8221;#e9202f&#8221; global_colors_info=&#8221;{}&#8221;]<\/p>\n<h1>Contamos con una gran variedad de colores<\/h1>\n<p>[\/et_pb_text][\/et_pb_column][\/et_pb_row][et_pb_row column_structure=&#8221;1_5,1_5,1_5,1_5,1_5&#8243; _builder_version=&#8221;4.16&#8243; global_colors_info=&#8221;{}&#8221;][et_pb_column type=&#8221;1_5&#8243; _builder_version=&#8221;4.16&#8243; global_colors_info=&#8221;{}&#8221;][et_pb_blurb title=&#8221;Brown Decore&#8221; image=&#8221;https:\/\/karleton.com.mx\/a\/wp-content\/uploads\/2025\/12\/08-Brow-Decore.png&#8221; icon_placement=&#8221;top&#8221; image_icon_width=&#8221;40%&#8221; _builder_version=&#8221;4.27.5&#8243; header_text_align=&#8221;center&#8221; header_font_size=&#8221;15px&#8221; image_max_width=&#8221;40%&#8221; global_colors_info=&#8221;{}&#8221;][\/et_pb_blurb][\/et_pb_column][et_pb_column type=&#8221;1_5&#8243; _builder_version=&#8221;4.16&#8243; global_colors_info=&#8221;{}&#8221;][et_pb_blurb title=&#8221;Shiefeld&#8221; image=&#8221;https:\/\/karleton.com.mx\/a\/wp-content\/uploads\/2025\/12\/07-Shiefield.png&#8221; icon_placement=&#8221;top&#8221; image_icon_width=&#8221;40%&#8221; _builder_version=&#8221;4.16&#8243; header_text_align=&#8221;center&#8221; header_font_size=&#8221;15px&#8221; image_max_width=&#8221;40%&#8221; global_colors_info=&#8221;{}&#8221;][\/et_pb_blurb][\/et_pb_column][et_pb_column type=&#8221;1_5&#8243; _builder_version=&#8221;4.16&#8243; global_colors_info=&#8221;{}&#8221;][et_pb_blurb title=&#8221;Mahogany&#8221; image=&#8221;https:\/\/karleton.com.mx\/a\/wp-content\/uploads\/2025\/12\/09-Mahogany.png&#8221; icon_placement=&#8221;top&#8221; image_icon_width=&#8221;40%&#8221; _builder_version=&#8221;4.16&#8243; header_text_align=&#8221;center&#8221; header_font_size=&#8221;15px&#8221; image_max_width=&#8221;40%&#8221; global_colors_info=&#8221;{}&#8221;][\/et_pb_blurb][\/et_pb_column][et_pb_column type=&#8221;1_5&#8243; _builder_version=&#8221;4.16&#8243; global_colors_info=&#8221;{}&#8221;][et_pb_blurb title=&#8221;Silver&#8221; image=&#8221;https:\/\/karleton.com.mx\/a\/wp-content\/uploads\/2025\/12\/010-Silver.png&#8221; icon_placement=&#8221;top&#8221; image_icon_width=&#8221;40%&#8221; _builder_version=&#8221;4.16&#8243; header_text_align=&#8221;center&#8221; header_font_size=&#8221;15px&#8221; image_max_width=&#8221;40%&#8221; global_colors_info=&#8221;{}&#8221;][\/et_pb_blurb][\/et_pb_column][et_pb_column type=&#8221;1_5&#8243; _builder_version=&#8221;4.16&#8243; global_colors_info=&#8221;{}&#8221;][et_pb_blurb title=&#8221;Jet Black&#8221; image=&#8221;https:\/\/karleton.com.mx\/a\/wp-content\/uploads\/2025\/12\/06-Jet-Black.png&#8221; icon_placement=&#8221;top&#8221; image_icon_width=&#8221;40%&#8221; _builder_version=&#8221;4.16&#8243; header_text_align=&#8221;center&#8221; header_font_size=&#8221;15px&#8221; image_max_width=&#8221;40%&#8221; global_colors_info=&#8221;{}&#8221;][\/et_pb_blurb][\/et_pb_column][\/et_pb_row][et_pb_row column_structure=&#8221;1_5,1_5,1_5,1_5,1_5&#8243; _builder_version=&#8221;4.16&#8243; global_colors_info=&#8221;{}&#8221;][et_pb_column type=&#8221;1_5&#8243; _builder_version=&#8221;4.16&#8243; global_colors_info=&#8221;{}&#8221;][et_pb_blurb title=&#8221;Blanco&#8221; image=&#8221;https:\/\/karleton.com.mx\/a\/wp-content\/uploads\/2025\/12\/01-Blanco.png&#8221; icon_placement=&#8221;top&#8221; image_icon_width=&#8221;40%&#8221; _builder_version=&#8221;4.16&#8243; header_text_align=&#8221;center&#8221; header_font_size=&#8221;15px&#8221; image_max_width=&#8221;40%&#8221; global_colors_info=&#8221;{}&#8221;][\/et_pb_blurb][\/et_pb_column][et_pb_column type=&#8221;1_5&#8243; _builder_version=&#8221;4.16&#8243; global_colors_info=&#8221;{}&#8221;][et_pb_blurb title=&#8221;Beige&#8221; image=&#8221;https:\/\/karleton.com.mx\/a\/wp-content\/uploads\/2025\/12\/02-Beige.png&#8221; icon_placement=&#8221;top&#8221; image_icon_width=&#8221;40%&#8221; _builder_version=&#8221;4.16&#8243; header_text_align=&#8221;center&#8221; header_font_size=&#8221;15px&#8221; image_max_width=&#8221;40%&#8221; global_colors_info=&#8221;{}&#8221;][\/et_pb_blurb][\/et_pb_column][et_pb_column type=&#8221;1_5&#8243; _builder_version=&#8221;4.16&#8243; global_colors_info=&#8221;{}&#8221;][et_pb_blurb title=&#8221;Nogal&#8221; image=&#8221;https:\/\/karleton.com.mx\/a\/wp-content\/uploads\/2025\/12\/04-Nogal.png&#8221; icon_placement=&#8221;top&#8221; image_icon_width=&#8221;40%&#8221; _builder_version=&#8221;4.16&#8243; header_text_align=&#8221;center&#8221; header_font_size=&#8221;15px&#8221; image_max_width=&#8221;40%&#8221; global_colors_info=&#8221;{}&#8221;][\/et_pb_blurb][\/et_pb_column][et_pb_column type=&#8221;1_5&#8243; _builder_version=&#8221;4.16&#8243; global_colors_info=&#8221;{}&#8221;][et_pb_blurb title=&#8221;Golden Oak&#8221; image=&#8221;https:\/\/karleton.com.mx\/a\/wp-content\/uploads\/2025\/12\/02-Golden-Oak.png&#8221; icon_placement=&#8221;top&#8221; image_icon_width=&#8221;40%&#8221; _builder_version=&#8221;4.16&#8243; header_text_align=&#8221;center&#8221; header_font_size=&#8221;15px&#8221; image_max_width=&#8221;40%&#8221; global_colors_info=&#8221;{}&#8221;][\/et_pb_blurb][\/et_pb_column][et_pb_column type=&#8221;1_5&#8243; _builder_version=&#8221;4.16&#8243; global_colors_info=&#8221;{}&#8221;][et_pb_blurb title=&#8221;Bronce&#8221; image=&#8221;https:\/\/karleton.com.mx\/a\/wp-content\/uploads\/2025\/12\/05-Bronce.png&#8221; icon_placement=&#8221;top&#8221; image_icon_width=&#8221;40%&#8221; _builder_version=&#8221;4.16&#8243; header_text_align=&#8221;center&#8221; header_font_size=&#8221;15px&#8221; image_max_width=&#8221;40%&#8221; global_colors_info=&#8221;{}&#8221;][\/et_pb_blurb][\/et_pb_column][\/et_pb_row][\/et_pb_section][et_pb_section fb_built=&#8221;1&#8243; admin_label=&#8221;Sistemas&#8221; _builder_version=&#8221;4.16&#8243; saved_tabs=&#8221;all&#8221; collapsed=&#8221;on&#8221; global_colors_info=&#8221;{}&#8221;][et_pb_row _builder_version=&#8221;4.16&#8243; global_colors_info=&#8221;{}&#8221;][et_pb_column type=&#8221;4_4&#8243; _builder_version=&#8221;4.16&#8243; global_colors_info=&#8221;{}&#8221;][et_pb_text _builder_version=&#8221;4.16&#8243; header_font=&#8221;|800|||||||&#8221; header_text_align=&#8221;left&#8221; header_text_color=&#8221;#e9202f&#8221; global_colors_info=&#8221;{}&#8221;]<\/p>\n<h1>Tipo de Sistemas<\/h1>\n<p>[\/et_pb_text][\/et_pb_column][\/et_pb_row][et_pb_row column_structure=&#8221;1_3,1_3,1_3&#8243; _builder_version=&#8221;4.16&#8243; global_colors_info=&#8221;{}&#8221;][et_pb_column type=&#8221;1_3&#8243; _builder_version=&#8221;4.16&#8243; global_colors_info=&#8221;{}&#8221;][et_pb_blurb title=&#8221;SISTEMAS ABATIBLES&#8221; image=&#8221;https:\/\/karleton.com.mx\/a\/wp-content\/uploads\/2025\/12\/02.png&#8221; _builder_version=&#8221;4.16&#8243; header_level=&#8221;h1&#8243; header_font=&#8221;|700|||||||&#8221; header_text_color=&#8221;#e9202f&#8221; body_text_color=&#8221;#414042&#8243; global_colors_info=&#8221;{}&#8221;]<\/p>\n<p>Ventanas o puertas que se abren completamente. El sistema m\u00e1s com\u00fan en puertas.<\/p>\n<p>[\/et_pb_blurb][\/et_pb_column][et_pb_column type=&#8221;1_3&#8243; _builder_version=&#8221;4.16&#8243; global_colors_info=&#8221;{}&#8221;][et_pb_blurb title=&#8221;SISTEMAS CORREDIZOS&#8221; image=&#8221;https:\/\/karleton.com.mx\/a\/wp-content\/uploads\/2025\/12\/01.png&#8221; _builder_version=&#8221;4.16&#8243; header_level=&#8221;h1&#8243; header_font=&#8221;|700|||||||&#8221; header_text_color=&#8221;#e9202f&#8221; body_text_color=&#8221;#414042&#8243; global_colors_info=&#8221;{}&#8221;]<\/p>\n<p>Las puertas o ventanas se\u00a0recorren sobre un riel en cualquier\u00a0direcci\u00f3n a lo largo del marco.\u00a0Pueden ser todas corredizas o s\u00f3lo\u00a0una.<\/p>\n<p>[\/et_pb_blurb][\/et_pb_column][et_pb_column type=&#8221;1_3&#8243; _builder_version=&#8221;4.16&#8243; global_colors_info=&#8221;{}&#8221;][et_pb_blurb title=&#8221;SISTEMAS OSCILOBATIENTES&#8221; image=&#8221;https:\/\/karleton.com.mx\/a\/wp-content\/uploads\/2025\/12\/03.png&#8221; _builder_version=&#8221;4.16&#8243; header_level=&#8221;h1&#8243; header_font=&#8221;|700|||||||&#8221; header_text_color=&#8221;#e9202f&#8221; body_text_color=&#8221;#414042&#8243; global_colors_info=&#8221;{}&#8221;]<\/p>\n<p>Las puertas o ventanas se pueden abrir en dos diferentes formas, abatible o wasista.<\/p>\n<p>[\/et_pb_blurb][\/et_pb_column][\/et_pb_row][et_pb_row column_structure=&#8221;1_3,1_3,1_3&#8243; _builder_version=&#8221;4.16&#8243; global_colors_info=&#8221;{}&#8221;][et_pb_column type=&#8221;1_3&#8243; _builder_version=&#8221;4.16&#8243; global_colors_info=&#8221;{}&#8221;][et_pb_blurb title=&#8221;SISTEMAS DE DOS HOJAS SIN POSTE&#8221; image=&#8221;https:\/\/karleton.com.mx\/a\/wp-content\/uploads\/2025\/12\/04.png&#8221; _builder_version=&#8221;4.16&#8243; header_level=&#8221;h1&#8243; header_font=&#8221;|700|||||||&#8221; header_text_color=&#8221;#e9202f&#8221; body_text_color=&#8221;#414042&#8243; global_colors_info=&#8221;{}&#8221;]<\/p>\n<p>Similar al abatible, s\u00f3lo que\u00a0son dos puertas o dos ventanas\u00a0que se abaten en oposici\u00f3n sin poste intermedio.<\/p>\n<p>[\/et_pb_blurb][\/et_pb_column][et_pb_column type=&#8221;1_3&#8243; _builder_version=&#8221;4.16&#8243; global_colors_info=&#8221;{}&#8221;][et_pb_blurb title=&#8221;SISTEMAS OSCILO-PARALELAS&#8221; image=&#8221;https:\/\/karleton.com.mx\/a\/wp-content\/uploads\/2025\/12\/05.png&#8221; _builder_version=&#8221;4.16&#8243; header_level=&#8221;h1&#8243; header_font=&#8221;|700|||||||&#8221; header_text_color=&#8221;#e9202f&#8221; body_text_color=&#8221;#414042&#8243; global_colors_info=&#8221;{}&#8221;]<\/p>\n<p>Similar al corredizo, pero cuenta con un riel independiente al marco que permite mover la puerta con mayor facilidad y seguridad.<\/p>\n<p>[\/et_pb_blurb][\/et_pb_column][et_pb_column type=&#8221;1_3&#8243; _builder_version=&#8221;4.16&#8243; global_colors_info=&#8221;{}&#8221;][et_pb_blurb title=&#8221;SISTEMAS MULTIHOJA\/ PLEGADIZOS&#8221; image=&#8221;https:\/\/karleton.com.mx\/a\/wp-content\/uploads\/2025\/12\/06.png&#8221; _builder_version=&#8221;4.16&#8243; header_level=&#8221;h1&#8243; header_font=&#8221;|700|||||||&#8221; header_text_color=&#8221;#e9202f&#8221; body_text_color=&#8221;#414042&#8243; global_colors_info=&#8221;{}&#8221;]<\/p>\n<p>Sistema corredizo o plegadizo para puertas o ventanas. No tiene poste intermedio.<\/p>\n<p>[\/et_pb_blurb][\/et_pb_column][\/et_pb_row][\/et_pb_section]<\/p>\n","protected":false},"excerpt":{"rendered":"<p>El material ideal por excelenciaExplorando las Virtudes de las Ventanas de PVC: Innovaci\u00f3n Resiliente para tu Hogar u Oficina.En el vasto universo de opciones para la construcci\u00f3n y renovaci\u00f3n del hogar u oficina, las ventanas de PVC emergen como una elecci\u00f3n cautivadora. El acr\u00f3nimo \u201cPVC\u201d que se traduce en \u201cpolicloruro de vinilo\u201d revela un material [&hellip;]<\/p>\n","protected":false},"author":1,"featured_media":0,"parent":0,"menu_order":90,"comment_status":"closed","ping_status":"closed","template":"","meta":{"_acf_changed":false,"_et_pb_use_builder":"on","_et_pb_old_content":"","_et_gb_content_width":"","footnotes":""},"class_list":["post-99977","page","type-page","status-publish","hentry"],"acf":[],"yoast_head":"<!-- This site is optimized with the Yoast SEO plugin v27.5 - https:\/\/yoast.com\/product\/yoast-seo-wordpress\/ -->\n<title>Puertas y Ventanas de PVC - Karleton<\/title>\n<meta name=\"robots\" content=\"index, follow, max-snippet:-1, max-image-preview:large, max-video-preview:-1\" \/>\n<link rel=\"canonical\" href=\"https:\/\/karleton.com.mx\/puertas-y-ventanas-de-pvc\/\" \/>\n<meta property=\"og:locale\" content=\"en_US\" \/>\n<meta property=\"og:type\" content=\"article\" \/>\n<meta property=\"og:title\" content=\"Puertas y Ventanas de PVC - Karleton\" \/>\n<meta property=\"og:description\" content=\"El material ideal por excelenciaExplorando las Virtudes de las Ventanas de PVC: Innovaci\u00f3n Resiliente para tu Hogar u Oficina.En el vasto universo de opciones para la construcci\u00f3n y renovaci\u00f3n del hogar u oficina, las ventanas de PVC emergen como una elecci\u00f3n cautivadora. El acr\u00f3nimo \u201cPVC\u201d que se traduce en \u201cpolicloruro de vinilo\u201d revela un material [&hellip;]\" \/>\n<meta property=\"og:url\" content=\"https:\/\/karleton.com.mx\/puertas-y-ventanas-de-pvc\/\" \/>\n<meta property=\"og:site_name\" content=\"Karleton\" \/>\n<meta property=\"article:publisher\" content=\"https:\/\/www.facebook.com\/karletonmx\" \/>\n<meta property=\"article:modified_time\" content=\"2025-12-10T19:48:55+00:00\" \/>\n<meta name=\"twitter:card\" content=\"summary_large_image\" \/>\n<meta name=\"twitter:site\" content=\"@KarletonPVC\" \/>\n<meta name=\"twitter:label1\" content=\"Est. reading time\" \/>\n\t<meta name=\"twitter:data1\" content=\"6 minutes\" \/>\n<script type=\"application\/ld+json\" class=\"yoast-schema-graph\">{\"@context\":\"https:\\\/\\\/schema.org\",\"@graph\":[{\"@type\":\"WebPage\",\"@id\":\"https:\\\/\\\/karleton.com.mx\\\/puertas-y-ventanas-de-pvc\\\/\",\"url\":\"https:\\\/\\\/karleton.com.mx\\\/puertas-y-ventanas-de-pvc\\\/\",\"name\":\"Puertas y Ventanas de PVC - Karleton\",\"isPartOf\":{\"@id\":\"https:\\\/\\\/karleton.com.mx\\\/#website\"},\"datePublished\":\"2025-11-27T16:35:31+00:00\",\"dateModified\":\"2025-12-10T19:48:55+00:00\",\"breadcrumb\":{\"@id\":\"https:\\\/\\\/karleton.com.mx\\\/puertas-y-ventanas-de-pvc\\\/#breadcrumb\"},\"inLanguage\":\"en-US\",\"potentialAction\":[{\"@type\":\"ReadAction\",\"target\":[\"https:\\\/\\\/karleton.com.mx\\\/puertas-y-ventanas-de-pvc\\\/\"]}]},{\"@type\":\"BreadcrumbList\",\"@id\":\"https:\\\/\\\/karleton.com.mx\\\/puertas-y-ventanas-de-pvc\\\/#breadcrumb\",\"itemListElement\":[{\"@type\":\"ListItem\",\"position\":1,\"name\":\"Home\",\"item\":\"https:\\\/\\\/karleton.com.mx\\\/\"},{\"@type\":\"ListItem\",\"position\":2,\"name\":\"Puertas y Ventanas de PVC\"}]},{\"@type\":\"WebSite\",\"@id\":\"https:\\\/\\\/karleton.com.mx\\\/#website\",\"url\":\"https:\\\/\\\/karleton.com.mx\\\/\",\"name\":\"Karleton\",\"description\":\"Fabricante de Puertas y Ventanas de PVC y Aluminio\",\"publisher\":{\"@id\":\"https:\\\/\\\/karleton.com.mx\\\/#organization\"},\"potentialAction\":[{\"@type\":\"SearchAction\",\"target\":{\"@type\":\"EntryPoint\",\"urlTemplate\":\"https:\\\/\\\/karleton.com.mx\\\/?s={search_term_string}\"},\"query-input\":{\"@type\":\"PropertyValueSpecification\",\"valueRequired\":true,\"valueName\":\"search_term_string\"}}],\"inLanguage\":\"en-US\"},{\"@type\":\"Organization\",\"@id\":\"https:\\\/\\\/karleton.com.mx\\\/#organization\",\"name\":\"Karleton\",\"url\":\"https:\\\/\\\/karleton.com.mx\\\/\",\"logo\":{\"@type\":\"ImageObject\",\"inLanguage\":\"en-US\",\"@id\":\"https:\\\/\\\/karleton.com.mx\\\/#\\\/schema\\\/logo\\\/image\\\/\",\"url\":\"https:\\\/\\\/karleton.com.mx\\\/a\\\/wp-content\\\/uploads\\\/2025\\\/11\\\/yoast-karleton.jpg\",\"contentUrl\":\"https:\\\/\\\/karleton.com.mx\\\/a\\\/wp-content\\\/uploads\\\/2025\\\/11\\\/yoast-karleton.jpg\",\"width\":1640,\"height\":856,\"caption\":\"Karleton\"},\"image\":{\"@id\":\"https:\\\/\\\/karleton.com.mx\\\/#\\\/schema\\\/logo\\\/image\\\/\"},\"sameAs\":[\"https:\\\/\\\/www.facebook.com\\\/karletonmx\",\"https:\\\/\\\/x.com\\\/KarletonPVC\",\"https:\\\/\\\/www.instagram.com\\\/karletonpvc\"]}]}<\/script>\n<!-- \/ Yoast SEO plugin. -->","yoast_head_json":{"title":"Puertas y Ventanas de PVC - Karleton","robots":{"index":"index","follow":"follow","max-snippet":"max-snippet:-1","max-image-preview":"max-image-preview:large","max-video-preview":"max-video-preview:-1"},"canonical":"https:\/\/karleton.com.mx\/puertas-y-ventanas-de-pvc\/","og_locale":"en_US","og_type":"article","og_title":"Puertas y Ventanas de PVC - Karleton","og_description":"El material ideal por excelenciaExplorando las Virtudes de las Ventanas de PVC: Innovaci\u00f3n Resiliente para tu Hogar u Oficina.En el vasto universo de opciones para la construcci\u00f3n y renovaci\u00f3n del hogar u oficina, las ventanas de PVC emergen como una elecci\u00f3n cautivadora. El acr\u00f3nimo \u201cPVC\u201d que se traduce en \u201cpolicloruro de vinilo\u201d revela un material [&hellip;]","og_url":"https:\/\/karleton.com.mx\/puertas-y-ventanas-de-pvc\/","og_site_name":"Karleton","article_publisher":"https:\/\/www.facebook.com\/karletonmx","article_modified_time":"2025-12-10T19:48:55+00:00","twitter_card":"summary_large_image","twitter_site":"@KarletonPVC","twitter_misc":{"Est. reading time":"6 minutes"},"schema":{"@context":"https:\/\/schema.org","@graph":[{"@type":"WebPage","@id":"https:\/\/karleton.com.mx\/puertas-y-ventanas-de-pvc\/","url":"https:\/\/karleton.com.mx\/puertas-y-ventanas-de-pvc\/","name":"Puertas y Ventanas de PVC - Karleton","isPartOf":{"@id":"https:\/\/karleton.com.mx\/#website"},"datePublished":"2025-11-27T16:35:31+00:00","dateModified":"2025-12-10T19:48:55+00:00","breadcrumb":{"@id":"https:\/\/karleton.com.mx\/puertas-y-ventanas-de-pvc\/#breadcrumb"},"inLanguage":"en-US","potentialAction":[{"@type":"ReadAction","target":["https:\/\/karleton.com.mx\/puertas-y-ventanas-de-pvc\/"]}]},{"@type":"BreadcrumbList","@id":"https:\/\/karleton.com.mx\/puertas-y-ventanas-de-pvc\/#breadcrumb","itemListElement":[{"@type":"ListItem","position":1,"name":"Home","item":"https:\/\/karleton.com.mx\/"},{"@type":"ListItem","position":2,"name":"Puertas y Ventanas de PVC"}]},{"@type":"WebSite","@id":"https:\/\/karleton.com.mx\/#website","url":"https:\/\/karleton.com.mx\/","name":"Karleton","description":"Fabricante de Puertas y Ventanas de PVC y Aluminio","publisher":{"@id":"https:\/\/karleton.com.mx\/#organization"},"potentialAction":[{"@type":"SearchAction","target":{"@type":"EntryPoint","urlTemplate":"https:\/\/karleton.com.mx\/?s={search_term_string}"},"query-input":{"@type":"PropertyValueSpecification","valueRequired":true,"valueName":"search_term_string"}}],"inLanguage":"en-US"},{"@type":"Organization","@id":"https:\/\/karleton.com.mx\/#organization","name":"Karleton","url":"https:\/\/karleton.com.mx\/","logo":{"@type":"ImageObject","inLanguage":"en-US","@id":"https:\/\/karleton.com.mx\/#\/schema\/logo\/image\/","url":"https:\/\/karleton.com.mx\/a\/wp-content\/uploads\/2025\/11\/yoast-karleton.jpg","contentUrl":"https:\/\/karleton.com.mx\/a\/wp-content\/uploads\/2025\/11\/yoast-karleton.jpg","width":1640,"height":856,"caption":"Karleton"},"image":{"@id":"https:\/\/karleton.com.mx\/#\/schema\/logo\/image\/"},"sameAs":["https:\/\/www.facebook.com\/karletonmx","https:\/\/x.com\/KarletonPVC","https:\/\/www.instagram.com\/karletonpvc"]}]}},"_links":{"self":[{"href":"https:\/\/karleton.com.mx\/a\/wp-json\/wp\/v2\/pages\/99977","targetHints":{"allow":["GET"]}}],"collection":[{"href":"https:\/\/karleton.com.mx\/a\/wp-json\/wp\/v2\/pages"}],"about":[{"href":"https:\/\/karleton.com.mx\/a\/wp-json\/wp\/v2\/types\/page"}],"author":[{"embeddable":true,"href":"https:\/\/karleton.com.mx\/a\/wp-json\/wp\/v2\/users\/1"}],"replies":[{"embeddable":true,"href":"https:\/\/karleton.com.mx\/a\/wp-json\/wp\/v2\/comments?post=99977"}],"version-history":[{"count":6,"href":"https:\/\/karleton.com.mx\/a\/wp-json\/wp\/v2\/pages\/99977\/revisions"}],"predecessor-version":[{"id":100362,"href":"https:\/\/karleton.com.mx\/a\/wp-json\/wp\/v2\/pages\/99977\/revisions\/100362"}],"wp:attachment":[{"href":"https:\/\/karleton.com.mx\/a\/wp-json\/wp\/v2\/media?parent=99977"}],"curies":[{"name":"wp","href":"https:\/\/api.w.org\/{rel}","templated":true}]}}